{"id":4258,"date":"2025-07-08T09:30:23","date_gmt":"2025-07-08T07:30:23","guid":{"rendered":"https:\/\/chargeplus.totalenergies.com\/?page_id=4258"},"modified":"2025-07-16T11:07:53","modified_gmt":"2025-07-16T09:07:53","slug":"totalenergies-rend-son-reseau-de-recharge-compatible-avec-le-plug-charge","status":"publish","type":"page","link":"https:\/\/chargeplus.totalenergies.com\/fr\/conseils-recharge-electrique\/totalenergies-rend-son-reseau-de-recharge-compatible-avec-le-plug-charge\/","title":{"rendered":"TotalEnergies franchit une nouvelle \u00e9tape dans la simplification de la mobilit\u00e9 \u00e9lectrique en validant un d\u00e9monstrateur du Plug &#038; Charge  dans le cadre du projet Mobena"},"content":{"rendered":"<div class=\"wp-post-content\"><!-- zone:zn_pagebanner [0] --><br \/>\n\t\t<!-- \/zone:zn_pagebanner [0] --><br \/>\n<!-- zone:zn_text [1] --><\/p>\n<div id=\"sb_form_c\" class=\"sb_form_c \">\n<div class=\"sb_form_ic\" data-replicated-value=\"Fid\u00e8le \u00e0 son esprit pionnier, TotalEnergies franchit une nouvelle \u00e9tape dans la simplification de la mobilit\u00e9 \u00e9lectrique en d\u00e9montrant, dans le cadre du consortium MOBENA-X, la faisabilit\u00e9 du service Plug &amp; Charge. Cette d\u00e9monstration technique, r\u00e9alis\u00e9e avec les technologies les plus avanc\u00e9es du march\u00e9, constitue une avanc\u00e9e majeure vers une recharge plus fluide et plus s\u00e9curis\u00e9e. \">\n<div class=\"qfc\" role=\"status\" aria-atomic=\"true\" aria-relevant=\"additions text\" aria-live=\"polite\">\n<h3 class=\"user-prefix\" aria-hidden=\"true\">Fid\u00e8le \u00e0 son esprit pionnier, TotalEnergies franchit une nouvelle \u00e9tape dans la simplification de la mobilit\u00e9 \u00e9lectrique en d\u00e9montrant, dans le cadre du consortium MOBENA-X, la faisabilit\u00e9 du service Plug &amp; Charge. Cette d\u00e9monstration technique, r\u00e9alis\u00e9e avec les technologies les plus avanc\u00e9es du march\u00e9, constitue une avanc\u00e9e majeure vers une recharge plus fluide et plus s\u00e9curis\u00e9e.<\/h3>\n<\/div>\n<\/div>\n<\/div>\n<div aria-hidden=\"true\"><\/div>\n<div aria-hidden=\"true\"><\/div>\n<div aria-hidden=\"true\"><\/div>\n<div aria-hidden=\"true\"><\/div>\n<p>\t\t\t<!-- \/zone:zn_text [1] --><br \/>\n<!-- zone:zn_text_img [2] --><\/p>\n<h3>Un d\u00e9monstrateur pour anticiper les standards de demain<\/h3>\n<p>Contributeur incontournable dans la d\u00e9finition des standards de la mobilit\u00e9 \u00e9lectrique, TotalEnergies a men\u00e9 cette d\u00e9monstration avec ses partenaires Alpitronic (fabricant de bornes de recharge), Renault \/ Amp\u00e8re (constructeur automobile), Hubject (tiers de confiance et fournisseur de service Plug &amp; Charge), Vector (fournisseur de solutions de tests) et VEDECOM (institut de transition \u00e9nerg\u00e9tique), r\u00e9unis dans le cadre du consortium MOBENA-X.<\/p>\n<p>L\u2019objectif : valider la conformit\u00e9 des bornes op\u00e9r\u00e9es par TotalEnergies au standard ISO15118, tester les mesures de cybers\u00e9curit\u00e9, v\u00e9rifier l\u2019interop\u00e9rabilit\u00e9 des syst\u00e8mes dans des contextes multi-op\u00e9rateurs et \u00e9valuer les conditions de r\u00e9ussite pour une prochaine adoption fluide par les usagers.<\/p>\n<p><!-- \/zone:zn_text_img [2] --><br \/>\n<!-- zone:zn_text [3] --><\/p>\n<h3><strong>Une technologie standardis\u00e9e dans l\u2019\u00e9cosyst\u00e8me de la mobilit\u00e9 \u00e9lectrique, au service de l\u2019exp\u00e9rience utilisateur.<\/strong><\/h3>\n<p>Le Plug &amp; Charge permettra, \u00e0 terme, aux conducteurs de v\u00e9hicules \u00e9lectriques de recharger leur v\u00e9hicule sans badge ni application, gr\u00e2ce \u00e0 une authentification automatique via un certificat num\u00e9rique embarqu\u00e9. Ce processus, standardis\u00e9 et s\u00e9curis\u00e9, repose sur un tiers de confiance, qui garantit le certificat et assure l\u2019interop\u00e9rabilit\u00e9 du service Plug &amp; Charge.<\/p>\n<p>\t\t\t<!-- \/zone:zn_text [3] --><br \/>\n<!-- zone:zn_text [5] --><\/p>\n<p>Cette d\u00e9monstration marque une \u00e9tape cl\u00e9 vers l\u2019int\u00e9gration future de ce service sur le r\u00e9seau de recharge TotalEnergies, en ligne avec la r\u00e9glementation europ\u00e9enne qui imposera, d\u00e8s janvier 2027, un niveau accru de s\u00e9curit\u00e9 pour les infrastructures de recharge.<\/p>\n<p>&nbsp;<\/p>\n<h3><strong>Le consortium MOBENA-X, facilitateur du d\u00e9ploiement de la technologie Plug &amp; Charge\u00a0: une collaboration structurante pour l\u2019\u00e9cosyst\u00e8me<\/strong><\/h3>\n<p>Cette initiative illustre l\u2019importance d\u2019une coop\u00e9ration \u00e9troite entre les acteurs de la mobilit\u00e9 \u00e9lectrique : constructeurs de v\u00e9hicules \u00e9lectriques, fabricants de bornes de recharge, op\u00e9rateurs de recharge, fournisseurs de services de mobilit\u00e9 et plateformes d\u2019interop\u00e9rabilit\u00e9. Elle t\u00e9moigne de la volont\u00e9 commune de proposer des solutions de recharge simplifi\u00e9es, harmonis\u00e9es et accessibles \u00e0 tous les usagers. Le Plug &amp; Charge est la promesse d&rsquo;une exp\u00e9rience utilisateur fluide et intuitive.<\/p>\n<p>\t\t\t<!-- \/zone:zn_text [5] --><br \/>\n<!-- zone:zn_text [7] --><\/p>\n<p><strong>T\u00e9moignages<\/strong><\/p>\n<p><strong>TotalEnergies<\/strong><\/p>\n<p><em>\u00ab En tant qu\u2019acteur majeur et incontournable de la mobilit\u00e9 \u00e9lectrique en Europe, TotalEnergies a fait de la fiabilit\u00e9 de la recharge et de la simplicit\u00e9 du parcours utilisateur ses priorit\u00e9s. Le service Plug &amp; Charge offre un acc\u00e8s \u00e0 tous par son caract\u00e8re interop\u00e9rable ; il est essentiel pour ne pas freiner la mobilit\u00e9 des utilisateurs de v\u00e9hicules \u00e9lectriques. La s\u00e9curit\u00e9 conf\u00e9r\u00e9e par le service r\u00e9pond \u00e9galement aux attentes de nos clients. Le Plug &amp; Charge mat\u00e9rialise concr\u00e8tement la volont\u00e9 des acteurs de la mobilit\u00e9 \u00e9lectrique d\u2019\u0153uvrer ensemble pour proposer solutions de recharge ouvertes et harmonis\u00e9es. \u00bb<\/em><br \/>\nNicolas Lh\u00e9raud, Responsable Strat\u00e9gie et Nouveaux Services de Recharge<\/p>\n<p>&nbsp;<\/p>\n<p><strong>Alpitronic<\/strong><\/p>\n<p><em>\u00ab Nous sommes heureux d&rsquo;accompagner TotalEnergies, aux c\u00f4t\u00e9s d&rsquo;autres partenaires, dans le d\u00e9ploiement de la norme Plug &amp; Charge. En tant que fabricant de bornes de recharge haute performance, il est essentiel pour nous que les processus de recharge soient non seulement fiables et simples, mais aussi conformes aux normes de s\u00e9curit\u00e9 les plus strictes. La protection des donn\u00e9es sensibles des utilisateurs est une priorit\u00e9 absolue. \u00bb<\/em><br \/>\nPhilipp Senoner, Fondateur et Pr\u00e9sident Directeur G\u00e9n\u00e9ral<\/p>\n<p>&nbsp;<\/p>\n<p><strong>Renault\/Amp\u00e8re<\/strong><\/p>\n<p><em>\u00ab L&rsquo;exp\u00e9rience client est au c\u0153ur de notre strat\u00e9gie et notre priorit\u00e9 absolue. C&rsquo;est pourquoi Amp\u00e8re est \u00e0 la pointe du d\u00e9veloppement de la technologie \u00ab Plug &amp; Charge \u00bb. Cette innovation majeure est nativement int\u00e9gr\u00e9e dans la Renault 5 E-Tech electric, la Renault 4 E-Tech electric et la sportive Alpine A290. Elle sera \u00e9galement d\u00e9ploy\u00e9e prochainement sur les nouvelles g\u00e9n\u00e9rations de Megane et Sc\u00e9nic E-Tech electric. Pour garantir une exp\u00e9rience fluide, Amp\u00e8re s&rsquo;engage dans des partenariats strat\u00e9giques. Cette collaboration \u00e9troite est essentielle pour assurer une interop\u00e9rabilit\u00e9 parfaite et offrir \u00e0 nos clients la meilleure exp\u00e9rience de recharge possible, o\u00f9 qu&rsquo;ils soient. Avec Renault et Amp\u00e8re, l&rsquo;avenir de la mobilit\u00e9 \u00e9lectrique est non seulement plus performant et durable, mais aussi plus simple et intuitif que jamais. \u00bb<\/em><br \/>\nPietro Dolcini, Expert Ecosyst\u00e8me de Charge<\/p>\n<p>&nbsp;<\/p>\n<p><strong>Vector<\/strong><\/p>\n<p><em>\u00ab Le service \u00ab Plug &amp; Charge \u00bb repr\u00e9sente une avanc\u00e9e majeure pour am\u00e9liorer l\u2019exp\u00e9rience utilisateur en rendant la recharge plus simple et transparente. Pour le d\u00e9ployer de mani\u00e8re fiable, il est essentiel de valider l\u2019ensemble des communications entre le v\u00e9hicule, la borne et le syst\u00e8me backend. Vector est fier d\u2019avoir accompagn\u00e9 TotalEnergies et ses partenaires dans la v\u00e9rification de la faisabilit\u00e9 et de la conformit\u00e9 de cette fonctionnalit\u00e9. \u00bb<\/em><br \/>\nAyoub El Fahli, Business Development Engineer<\/p>\n<p>&nbsp;<\/p>\n<p><strong>VEDECOM<\/strong><\/p>\n<p><em>\u00ab Chez VEDECOM, nous jouons un r\u00f4le de catalyseur dans l\u2019\u00e9cosyst\u00e8me industriel en facilitant les \u00e9changes autour de l\u2019interop\u00e9rabilit\u00e9 et la cybers\u00e9curit\u00e9, des enjeux majeurs pour le d\u00e9ploiement massif de la mobilit\u00e9 \u00e9lectrique. \u00c0 travers l\u2019initiative Mobena-x, nous structurons une coop\u00e9ration entre partenaires du consortium afin d\u2019acc\u00e9l\u00e9rer l\u2019industrialisation de solutions innovantes. Nous sommes ravis d\u2019accompagner TotalEnergies dans ces phases de test, en mobilisant nos experts techniques et en mettant \u00e0 disposition une ing\u00e9nierie outill\u00e9e permettant la validation de bout-en-bout de cas d\u2019usage complexes, comme le \u00ab Plug &amp; Charge \u00bb aujourd\u2019hui, et demain les solutions de Smart Charging V1G\/V2G. \u00bb<\/em><br \/>\nAhmed Amine Melhaoui, Coordinateur du Consortium Mobena-x<\/p>\n<p>&nbsp;<\/p>\n<p><strong>Hubject<\/strong><\/p>\n<p><em>\u00ab Nous sommes tr\u00e8s heureux d\u2019avoir collabor\u00e9 avec TotalEnergies, Ampere, Alpitronic, VEDECOM et Vector dans le cadre de cette d\u00e9monstration \u00ab Plug&amp;Charge \u00bb. La fiabilit\u00e9 dont fait preuve cette technologie lorsqu\u2019elle est test\u00e9e en conditions r\u00e9elles sur les r\u00e9seaux des diff\u00e9rents partenaires m\u00e9rite d\u2019\u00eatre soulign\u00e9e. Cette initiative illustre parfaitement l\u2019importance d\u2019une coop\u00e9ration \u00e9troite entre constructeurs de v\u00e9hicules \u00e9lectriques, op\u00e9rateurs d\u2019infrastructures de recharge et acteurs technologiques, indispensable pour rendre l\u2019exp\u00e9rience de recharge de v\u00e9hicule \u00e9lectrique aussi simple et intuitive que le branchement d\u2019un smartphone. Les normes de cybers\u00e9curit\u00e9 et d\u2019interop\u00e9rabilit\u00e9 mises en \u0153uvre dans le cadre de cette d\u00e9monstration posent les fondations d\u2019une mobilit\u00e9 \u00e9lectrique simple \u00e0 utiliser et accessible \u00e0 grande \u00e9chelle. \u00bb<\/em><br \/>\nChristian Hahn \u2013 Pr\u00e9sident Directeur G\u00e9n\u00e9ral<\/p>\n<p>&nbsp;<\/p>\n<p>\t\t\t<!-- \/zone:zn_text [7] --><br \/>\n<!-- zone:zn_list_accordion [8] --><\/p>\n<h2>FAQ<\/h2>\n<h3>Quelle est la diff\u00e9rence entre les services Plug &#038; Charge et Autocharge ?<\/h3>\n<p>A la diff\u00e9rence du service Plug &amp; Charge, le service Autocharge ne fonctionne que sur le r\u00e9seau CPO (Charging Point Operator; TotalEnergies par exemple) auquel le client a souscrit, et uniquement avec les v\u00e9hicules compatibles. Il utilise un identifiant physique de v\u00e9hicule, enregistr\u00e9 par un op\u00e9rateur de point de charge, pour identifier automatiquement le client et lancer la recharge. Autocharge impose \u00e0 l\u2019utilisateur de r\u00e9aliser une op\u00e9ration d\u2019appairage pour enregistrer le v\u00e9hicule, pr\u00e9alable \u00e0 l\u2019utilisation du service. Il n\u2019introduit pas de mesures de s\u00e9curit\u00e9 et expose donc l\u2019usager \u00e0 des risques d\u2019usurpation d\u2019identit\u00e9 et de d\u00e9fauts de confidentialit\u00e9.<\/p>\n<h3>Quels v\u00e9hicules sont compatibles avec le service Plug &#038; Charge ?<\/h3>\n<p>En juin 2025, plus de 3 millions de v\u00e9hicules \u00e9lectriques sont d\u00e9j\u00e0 \u00e9quip\u00e9s du Plug &amp; Charge. La liste des mod\u00e8les compatibles s\u2019\u00e9largit r\u00e9guli\u00e8rement avec l\u2019adoption croissante de la technologie par les constructeurs automobiles. Retrouvez ici la liste des mod\u00e8les compatibles avec cette technologie.<\/p>\n<table width=\"623\">\n<tbody>\n<tr>\n<td width=\"302\"><strong>Constructeur automobile<\/strong><\/td>\n<td width=\"321\"><strong>Mod\u00e8le<\/strong><\/td>\n<\/tr>\n<tr>\n<td width=\"302\">Alpine<\/td>\n<td width=\"321\">A290<\/td>\n<\/tr>\n<tr>\n<td width=\"302\">Audi AG<\/td>\n<td width=\"321\">Q4 e-tron, Q6 e-tron, A6 e-tron, Q8 e-tron, e-tron GT<\/td>\n<\/tr>\n<tr>\n<td width=\"302\">BMW<\/td>\n<td width=\"321\">ix, ix2, i7, i5, i4<\/td>\n<\/tr>\n<tr>\n<td width=\"302\">Ford<\/td>\n<td width=\"321\">Mach-E, E-Transit, Capri, Explorer<\/td>\n<\/tr>\n<tr>\n<td width=\"302\">Genesis<\/td>\n<td width=\"321\">GV60, GV70, GV80<\/td>\n<\/tr>\n<tr>\n<td width=\"302\">Hyundai<\/td>\n<td width=\"321\">IONIQ 6, IONIQ 5 (product enhancement 2024), IONIQ 5 N, Kona Electric (new generation 2024)<\/td>\n<\/tr>\n<tr>\n<td width=\"302\">Kia<\/td>\n<td width=\"321\">EV3, EV6, EV9<\/td>\n<\/tr>\n<tr>\n<td width=\"302\">Lucid<\/td>\n<td width=\"321\">Air, Gravity<\/td>\n<\/tr>\n<tr>\n<td width=\"302\">MAN<\/td>\n<td width=\"321\">City Lion E<\/td>\n<\/tr>\n<tr>\n<td width=\"302\">Mercedes-Benz<\/td>\n<td width=\"321\">PHEV: S-Class, C-Class, E-Class, GLE, GLC, EQA, EQB, EQE (SUV), EQS (SUV)<\/td>\n<\/tr>\n<tr>\n<td width=\"302\">Mini<\/td>\n<td width=\"321\">Mini Cooper, Aceman, Countryman<\/td>\n<\/tr>\n<tr>\n<td width=\"302\">Polestar<\/td>\n<td width=\"321\">Polestar 3<\/td>\n<\/tr>\n<tr>\n<td width=\"302\">Porsche<\/td>\n<td width=\"321\">Taycan, Macan<\/td>\n<\/tr>\n<tr>\n<td width=\"302\">Renault<\/td>\n<td width=\"321\">Renault R5, Renault R4<\/td>\n<\/tr>\n<tr>\n<td width=\"302\">Rolls Royce<\/td>\n<td width=\"321\">Specter<\/td>\n<\/tr>\n<tr>\n<td width=\"302\">Seat\/Cupra<\/td>\n<td width=\"321\">Cupra Born, Cupra Tavascan<\/td>\n<\/tr>\n<tr>\n<td width=\"302\">Skoda<\/td>\n<td width=\"321\">Enyaq, Elroq<\/td>\n<\/tr>\n<tr>\n<td width=\"302\">Volkswagen<\/td>\n<td width=\"321\">ID.3, ID.4, ID.5, ID.7, ID.Buzz<\/td>\n<\/tr>\n<tr>\n<td width=\"302\">Volvo<\/td>\n<td width=\"321\">ES90, EX90<\/td>\n<\/tr>\n<tr>\n<td colspan=\"2\" width=\"623\"><a href=\"https:\/\/www.hubject.com\/ecosystem-overview\">Notice: informations disponibles sur la page web PnC Ecosystem du site internet de Hubject GmbH\u00a0 https:\/\/www.hubject.com\/ecosystem-overview &#8211; soumises \u00e0 de mises \u00e0 jour fr\u00e9quentes<\/a><\/td>\n<\/tr>\n<\/tbody>\n<\/table>\n<p>\t<!-- \/zone:zn_list_accordion [8] --><br \/>\n<!-- zone:zn_text [9] --><\/p>\n<p><strong>A propos de TotalEnergies \u2013 <\/strong>Avec plus de 75 000 points de recharge op\u00e9r\u00e9s en Europe, TotalEnergies favorise le d\u00e9veloppement de la mobilit\u00e9 \u00e9lectrique \u00e0 grande \u00e9chelle en investissant dans le d\u00e9ploiement d\u2019infrastructures de recharge pour v\u00e9hicules \u00e9lectriques. La Compagnie con\u00e7oit et d\u00e9veloppe des solutions de mobilit\u00e9 pour permettre \u00e0 ses clients de se d\u00e9placer en toute s\u00e9r\u00e9nit\u00e9 gr\u00e2ce \u00e0 des r\u00e9seaux de recharge op\u00e9r\u00e9s en voirie, en entreprise et au domicile des collaborateurs ou dans des hubs de recharge haute puissance. De la production d\u2019\u00e9lectricit\u00e9 renouvelable \u00e0 l\u2019exploitation du service de recharge, la Compagnie est pr\u00e9sente sur l\u2019ensemble de la cha\u00eene de valeur de la mobilit\u00e9 \u00e9lectrique.<\/p>\n<p><strong>A propos d\u2019Alpitronic \u2013 <\/strong>Alpitronic a \u00e9t\u00e9 fond\u00e9e en 2009 \u00e0 Bolzano, en Italie. L&rsquo;entreprise est l&rsquo;un des principaux fournisseurs de solutions de recharge fiables et de haute performance pour les v\u00e9hicules \u00e9lectriques. Alpitronic est synonyme d&rsquo;innovation, de qualit\u00e9 et de durabilit\u00e9 et \u00e9tablit continuellement de nouveaux standards dans le secteur gr\u00e2ce \u00e0 ses technologies pionni\u00e8res.<\/p>\n<p><strong>A propos de Vector \u2013 <\/strong>Depuis plus de 35 ans, Vector est un partenaire technologique de r\u00e9f\u00e9rence dans le d\u00e9veloppement de l\u2019\u00e9lectronique automobile. Nos solutions logicielles, outils de test et services accompagnent les ing\u00e9nieurs dans la conception des v\u00e9hicules de demain. Particuli\u00e8rement engag\u00e9s dans le domaine de l\u2019\u00e9lectromobilit\u00e9, nous proposons des solutions compl\u00e8tes pour le d\u00e9veloppement, le test et la validation des fonctions de recharge \u00e9lectrique, aussi bien c\u00f4t\u00e9 v\u00e9hicule que c\u00f4t\u00e9 borne. Notre expertise couvre notamment la gestion de l\u2019\u00e9nergie, les communications selon les standards tels qu\u2019ISO 15118, ainsi que les tests de conformit\u00e9 et d\u2019interop\u00e9rabilit\u00e9.<\/p>\n<p><strong>A propos de VEDECOM\u00a0\u2013 <\/strong>VEDECOM est un Institut de Transition Energ\u00e9tique, une fondation public-priv\u00e9e et un organisme de formation soutenue par l\u2019Etat Fran\u00e7ais, dont la mission est d\u2019acc\u00e9l\u00e9rer la transition vers des mobilit\u00e9s durables, en agissant sur les syst\u00e8mes de mobilit\u00e9 et les usages. Il fait \u00e9galement partie du r\u00e9seau national des 15 instituts FIT.<\/p>\n<p><strong>A propos de MOBENA-X \u2013 <\/strong>MOBENA-X est une initiative collaborative de R&amp;D visant \u00e0 acc\u00e9l\u00e9rer le d\u00e9ploiement de solutions de recharge pour v\u00e9hicules \u00e9lectriques de nouvelle g\u00e9n\u00e9ration. Port\u00e9 par un consortium de 15 partenaires industriels, le projet r\u00e9pond aux enjeux d\u2019interop\u00e9rabilit\u00e9, de cybers\u00e9curit\u00e9 et de flexibilit\u00e9 \u00e9nerg\u00e9tique. MOBENA-X promeut des services avanc\u00e9s tels que Plug &amp; Charge et la recharge intelligente, tout en facilitant l\u2019int\u00e9gration des VE dans les r\u00e9seaux \u00e9nerg\u00e9tiques intelligents. V\u00e9ritable passerelle entre les secteurs de la mobilit\u00e9, de l\u2019\u00e9nergie et du b\u00e2timent, MOBENA-X offre un cadre unique pour l\u2019innovation, les tests et la standardisation.<\/p>\n<p><strong>A propos de Renault et Amp\u00e8re \u2013 <\/strong>Fort de son r\u00f4le de pionnier et de son engagement de longue date dans le v\u00e9hicule \u00e9lectrique, le groupe Renault acc\u00e9l\u00e8re sa transformation avec Ampere, sa nouvelle filiale enti\u00e8rement d\u00e9di\u00e9e \u00e0 l&rsquo;\u00e9lectrique. V\u00e9ritable pure player, Ampere concentre toute son expertise et son agilit\u00e9 sur la conception, le d\u00e9veloppement et la production des v\u00e9hicules \u00e9lectriques de nouvelle g\u00e9n\u00e9ration, avec un objectif clair : d\u00e9mocratiser la mobilit\u00e9 \u00e9lectrique en Europe.<\/p>\n<p><strong>A propos de Hubject<\/strong> \u2013 Hubject simplifie la recharge des v\u00e9hicules \u00e9lectriques. Gr\u00e2ce \u00e0 sa plateforme eRoaming intercharge, le sp\u00e9cialiste de l&rsquo;eMobilit\u00e9 connecte les op\u00e9rateurs de points de charge (CPO) et les fournisseurs de services d&rsquo;eMobilit\u00e9 (EMP) pour fournir un acc\u00e8s standardis\u00e9 \u00e0 l&rsquo;infrastructure de charge. Hubject exploite le plus grand r\u00e9seau de recharge inter-fournisseurs au monde, reliant plus de 1 000 000 de points de charge et plus de 2 750 partenaires B2B dans plus de 70 pays. Hubject est \u00e9galement un leader de la technologie Plug&amp;Charge, qui utilise les normes ISO 15118-2 et -20 pour offrir des exp\u00e9riences de recharge de VE s\u00e9curis\u00e9es et transparentes.<\/p>\n<p>\t\t\t<!-- \/zone:zn_text [9] -->\n<\/div>\n","protected":false},"excerpt":{"rendered":"<p>Fid\u00e8le \u00e0 son esprit pionnier, TotalEnergies franchit une nouvelle \u00e9tape dans la simplification de la mobilit\u00e9 \u00e9lectrique en d\u00e9montrant, dans le cadre du consortium MOBENA-X, la faisabilit\u00e9 du service Plug [&hellip;]<\/p>\n","protected":false},"author":10,"featured_media":4288,"parent":445,"menu_order":-2,"comment_status":"closed","ping_status":"closed","template":"","meta":{"_acf_changed":false,"footnotes":""},"class_list":["post-4258","page","type-page","status-publish","has-post-thumbnail","hentry","wp-sticky"],"acf":[],"yoast_head":"<!-- This site is optimized with the Yoast SEO plugin v27.4 - https:\/\/yoast.com\/product\/yoast-seo-wordpress\/ -->\n<title>TotalEnergies franchit une nouvelle \u00e9tape dans la simplification de la mobilit\u00e9 \u00e9lectrique en validant un d\u00e9monstrateur du Plug &amp; Charge dans le cadre du projet Mobena % | Charge+<\/title>\n<meta name=\"robots\" content=\"index, follow, max-snippet:-1, max-image-preview:large, max-video-preview:-1\" \/>\n<link rel=\"canonical\" href=\"https:\/\/chargeplus.totalenergies.com\/fr\/conseils-recharge-electrique\/totalenergies-rend-son-reseau-de-recharge-compatible-avec-le-plug-charge\/\" \/>\n<meta property=\"og:locale\" content=\"fr_FR\" \/>\n<meta property=\"og:type\" content=\"article\" \/>\n<meta property=\"og:title\" content=\"TotalEnergies franchit une nouvelle \u00e9tape dans la simplification de la mobilit\u00e9 \u00e9lectrique en validant un d\u00e9monstrateur du Plug &amp; Charge dans le cadre du projet Mobena % | Charge+\" \/>\n<meta property=\"og:description\" content=\"Fid\u00e8le \u00e0 son esprit pionnier, TotalEnergies franchit une nouvelle \u00e9tape dans la simplification de la mobilit\u00e9 \u00e9lectrique en d\u00e9montrant, dans le cadre du consortium MOBENA-X, la faisabilit\u00e9 du service Plug [&hellip;]\" \/>\n<meta property=\"og:url\" content=\"https:\/\/chargeplus.totalenergies.com\/fr\/conseils-recharge-electrique\/totalenergies-rend-son-reseau-de-recharge-compatible-avec-le-plug-charge\/\" \/>\n<meta property=\"og:site_name\" content=\"Charge+\" \/>\n<meta property=\"article:modified_time\" content=\"2025-07-16T09:07:53+00:00\" \/>\n<meta property=\"og:image\" content=\"https:\/\/chargeplus.totalenergies.com\/wp-inside\/uploads\/2025\/07\/total-energies-villejuif-2025-02-882-full-resolution-1.jpg\" \/>\n\t<meta property=\"og:image:width\" content=\"2000\" \/>\n\t<meta property=\"og:image:height\" content=\"1334\" \/>\n\t<meta property=\"og:image:type\" content=\"image\/jpeg\" \/>\n<meta name=\"twitter:card\" content=\"summary_large_image\" \/>\n<meta name=\"twitter:label1\" content=\"Dur\u00e9e de lecture estim\u00e9e\" \/>\n\t<meta name=\"twitter:data1\" content=\"11 minutes\" \/>\n<script type=\"application\/ld+json\" class=\"yoast-schema-graph\">{\"@context\":\"https:\\\/\\\/schema.org\",\"@graph\":[{\"@type\":\"WebPage\",\"@id\":\"https:\\\/\\\/chargeplus.totalenergies.com\\\/fr\\\/conseils-recharge-electrique\\\/totalenergies-rend-son-reseau-de-recharge-compatible-avec-le-plug-charge\\\/\",\"url\":\"https:\\\/\\\/chargeplus.totalenergies.com\\\/fr\\\/conseils-recharge-electrique\\\/totalenergies-rend-son-reseau-de-recharge-compatible-avec-le-plug-charge\\\/\",\"name\":\"TotalEnergies franchit une nouvelle \u00e9tape dans la simplification de la mobilit\u00e9 \u00e9lectrique en validant un d\u00e9monstrateur du Plug & Charge dans le cadre du projet Mobena %\",\"isPartOf\":{\"@id\":\"https:\\\/\\\/chargeplus.totalenergies.com\\\/fr\\\/#website\"},\"primaryImageOfPage\":{\"@id\":\"https:\\\/\\\/chargeplus.totalenergies.com\\\/fr\\\/conseils-recharge-electrique\\\/totalenergies-rend-son-reseau-de-recharge-compatible-avec-le-plug-charge\\\/#primaryimage\"},\"image\":{\"@id\":\"https:\\\/\\\/chargeplus.totalenergies.com\\\/fr\\\/conseils-recharge-electrique\\\/totalenergies-rend-son-reseau-de-recharge-compatible-avec-le-plug-charge\\\/#primaryimage\"},\"thumbnailUrl\":\"https:\\\/\\\/chargeplus.totalenergies.com\\\/wp-inside\\\/uploads\\\/2025\\\/07\\\/total-energies-villejuif-2025-02-882-full-resolution-1.jpg\",\"datePublished\":\"2025-07-08T07:30:23+00:00\",\"dateModified\":\"2025-07-16T09:07:53+00:00\",\"breadcrumb\":{\"@id\":\"https:\\\/\\\/chargeplus.totalenergies.com\\\/fr\\\/conseils-recharge-electrique\\\/totalenergies-rend-son-reseau-de-recharge-compatible-avec-le-plug-charge\\\/#breadcrumb\"},\"inLanguage\":\"fr-FR\",\"potentialAction\":[{\"@type\":\"ReadAction\",\"target\":[\"https:\\\/\\\/chargeplus.totalenergies.com\\\/fr\\\/conseils-recharge-electrique\\\/totalenergies-rend-son-reseau-de-recharge-compatible-avec-le-plug-charge\\\/\"]}]},{\"@type\":\"ImageObject\",\"inLanguage\":\"fr-FR\",\"@id\":\"https:\\\/\\\/chargeplus.totalenergies.com\\\/fr\\\/conseils-recharge-electrique\\\/totalenergies-rend-son-reseau-de-recharge-compatible-avec-le-plug-charge\\\/#primaryimage\",\"url\":\"https:\\\/\\\/chargeplus.totalenergies.com\\\/wp-inside\\\/uploads\\\/2025\\\/07\\\/total-energies-villejuif-2025-02-882-full-resolution-1.jpg\",\"contentUrl\":\"https:\\\/\\\/chargeplus.totalenergies.com\\\/wp-inside\\\/uploads\\\/2025\\\/07\\\/total-energies-villejuif-2025-02-882-full-resolution-1.jpg\",\"width\":2000,\"height\":1334,\"caption\":\"TotalEnergies recharge station \u00e9lectrique\"},{\"@type\":\"BreadcrumbList\",\"@id\":\"https:\\\/\\\/chargeplus.totalenergies.com\\\/fr\\\/conseils-recharge-electrique\\\/totalenergies-rend-son-reseau-de-recharge-compatible-avec-le-plug-charge\\\/#breadcrumb\",\"itemListElement\":[{\"@type\":\"ListItem\",\"position\":1,\"name\":\"Accueil\",\"item\":\"https:\\\/\\\/chargeplus.totalenergies.com\\\/fr\\\/\"},{\"@type\":\"ListItem\",\"position\":2,\"name\":\"Voiture \u00e9lectrique&#160;: nos conseils sur la recharge\",\"item\":\"https:\\\/\\\/chargeplus.totalenergies.com\\\/fr\\\/conseils-recharge-electrique\\\/\"},{\"@type\":\"ListItem\",\"position\":3,\"name\":\"TotalEnergies franchit une nouvelle \u00e9tape dans la simplification de la mobilit\u00e9 \u00e9lectrique en validant un d\u00e9monstrateur du Plug &#038; Charge dans le cadre du projet Mobena\"}]},{\"@type\":\"WebSite\",\"@id\":\"https:\\\/\\\/chargeplus.totalenergies.com\\\/fr\\\/#website\",\"url\":\"https:\\\/\\\/chargeplus.totalenergies.com\\\/fr\\\/\",\"name\":\"Charge+\",\"description\":\"Voiture \u00e9lectrique : le guide pratique de la recharge\",\"publisher\":{\"@id\":\"https:\\\/\\\/chargeplus.totalenergies.com\\\/fr\\\/#organization\"},\"potentialAction\":[{\"@type\":\"SearchAction\",\"target\":{\"@type\":\"EntryPoint\",\"urlTemplate\":\"https:\\\/\\\/chargeplus.totalenergies.com\\\/fr\\\/?s={search_term_string}\"},\"query-input\":{\"@type\":\"PropertyValueSpecification\",\"valueRequired\":true,\"valueName\":\"search_term_string\"}}],\"inLanguage\":\"fr-FR\"},{\"@type\":\"Organization\",\"@id\":\"https:\\\/\\\/chargeplus.totalenergies.com\\\/fr\\\/#organization\",\"name\":\"Charge+\",\"url\":\"https:\\\/\\\/chargeplus.totalenergies.com\\\/fr\\\/\",\"logo\":{\"@type\":\"ImageObject\",\"inLanguage\":\"fr-FR\",\"@id\":\"https:\\\/\\\/chargeplus.totalenergies.com\\\/fr\\\/#\\\/schema\\\/logo\\\/image\\\/\",\"url\":\"https:\\\/\\\/chargeplus.totalenergies.com\\\/wp-inside\\\/uploads\\\/2023\\\/07\\\/logo-borne-recharge.jpg\",\"contentUrl\":\"https:\\\/\\\/chargeplus.totalenergies.com\\\/wp-inside\\\/uploads\\\/2023\\\/07\\\/logo-borne-recharge.jpg\",\"width\":150,\"height\":150,\"caption\":\"Charge+\"},\"image\":{\"@id\":\"https:\\\/\\\/chargeplus.totalenergies.com\\\/fr\\\/#\\\/schema\\\/logo\\\/image\\\/\"}}]}<\/script>\n<!-- \/ Yoast SEO plugin. -->","yoast_head_json":{"title":"TotalEnergies franchit une nouvelle \u00e9tape dans la simplification de la mobilit\u00e9 \u00e9lectrique en validant un d\u00e9monstrateur du Plug & Charge dans le cadre du projet Mobena % | Charge+","robots":{"index":"index","follow":"follow","max-snippet":"max-snippet:-1","max-image-preview":"max-image-preview:large","max-video-preview":"max-video-preview:-1"},"canonical":"https:\/\/chargeplus.totalenergies.com\/fr\/conseils-recharge-electrique\/totalenergies-rend-son-reseau-de-recharge-compatible-avec-le-plug-charge\/","og_locale":"fr_FR","og_type":"article","og_title":"TotalEnergies franchit une nouvelle \u00e9tape dans la simplification de la mobilit\u00e9 \u00e9lectrique en validant un d\u00e9monstrateur du Plug & Charge dans le cadre du projet Mobena % | Charge+","og_description":"Fid\u00e8le \u00e0 son esprit pionnier, TotalEnergies franchit une nouvelle \u00e9tape dans la simplification de la mobilit\u00e9 \u00e9lectrique en d\u00e9montrant, dans le cadre du consortium MOBENA-X, la faisabilit\u00e9 du service Plug [&hellip;]","og_url":"https:\/\/chargeplus.totalenergies.com\/fr\/conseils-recharge-electrique\/totalenergies-rend-son-reseau-de-recharge-compatible-avec-le-plug-charge\/","og_site_name":"Charge+","article_modified_time":"2025-07-16T09:07:53+00:00","og_image":[{"width":2000,"height":1334,"url":"https:\/\/chargeplus.totalenergies.com\/wp-inside\/uploads\/2025\/07\/total-energies-villejuif-2025-02-882-full-resolution-1.jpg","type":"image\/jpeg"}],"twitter_card":"summary_large_image","twitter_misc":{"Dur\u00e9e de lecture estim\u00e9e":"11 minutes"},"schema":{"@context":"https:\/\/schema.org","@graph":[{"@type":"WebPage","@id":"https:\/\/chargeplus.totalenergies.com\/fr\/conseils-recharge-electrique\/totalenergies-rend-son-reseau-de-recharge-compatible-avec-le-plug-charge\/","url":"https:\/\/chargeplus.totalenergies.com\/fr\/conseils-recharge-electrique\/totalenergies-rend-son-reseau-de-recharge-compatible-avec-le-plug-charge\/","name":"TotalEnergies franchit une nouvelle \u00e9tape dans la simplification de la mobilit\u00e9 \u00e9lectrique en validant un d\u00e9monstrateur du Plug & Charge dans le cadre du projet Mobena %","isPartOf":{"@id":"https:\/\/chargeplus.totalenergies.com\/fr\/#website"},"primaryImageOfPage":{"@id":"https:\/\/chargeplus.totalenergies.com\/fr\/conseils-recharge-electrique\/totalenergies-rend-son-reseau-de-recharge-compatible-avec-le-plug-charge\/#primaryimage"},"image":{"@id":"https:\/\/chargeplus.totalenergies.com\/fr\/conseils-recharge-electrique\/totalenergies-rend-son-reseau-de-recharge-compatible-avec-le-plug-charge\/#primaryimage"},"thumbnailUrl":"https:\/\/chargeplus.totalenergies.com\/wp-inside\/uploads\/2025\/07\/total-energies-villejuif-2025-02-882-full-resolution-1.jpg","datePublished":"2025-07-08T07:30:23+00:00","dateModified":"2025-07-16T09:07:53+00:00","breadcrumb":{"@id":"https:\/\/chargeplus.totalenergies.com\/fr\/conseils-recharge-electrique\/totalenergies-rend-son-reseau-de-recharge-compatible-avec-le-plug-charge\/#breadcrumb"},"inLanguage":"fr-FR","potentialAction":[{"@type":"ReadAction","target":["https:\/\/chargeplus.totalenergies.com\/fr\/conseils-recharge-electrique\/totalenergies-rend-son-reseau-de-recharge-compatible-avec-le-plug-charge\/"]}]},{"@type":"ImageObject","inLanguage":"fr-FR","@id":"https:\/\/chargeplus.totalenergies.com\/fr\/conseils-recharge-electrique\/totalenergies-rend-son-reseau-de-recharge-compatible-avec-le-plug-charge\/#primaryimage","url":"https:\/\/chargeplus.totalenergies.com\/wp-inside\/uploads\/2025\/07\/total-energies-villejuif-2025-02-882-full-resolution-1.jpg","contentUrl":"https:\/\/chargeplus.totalenergies.com\/wp-inside\/uploads\/2025\/07\/total-energies-villejuif-2025-02-882-full-resolution-1.jpg","width":2000,"height":1334,"caption":"TotalEnergies recharge station \u00e9lectrique"},{"@type":"BreadcrumbList","@id":"https:\/\/chargeplus.totalenergies.com\/fr\/conseils-recharge-electrique\/totalenergies-rend-son-reseau-de-recharge-compatible-avec-le-plug-charge\/#breadcrumb","itemListElement":[{"@type":"ListItem","position":1,"name":"Accueil","item":"https:\/\/chargeplus.totalenergies.com\/fr\/"},{"@type":"ListItem","position":2,"name":"Voiture \u00e9lectrique&#160;: nos conseils sur la recharge","item":"https:\/\/chargeplus.totalenergies.com\/fr\/conseils-recharge-electrique\/"},{"@type":"ListItem","position":3,"name":"TotalEnergies franchit une nouvelle \u00e9tape dans la simplification de la mobilit\u00e9 \u00e9lectrique en validant un d\u00e9monstrateur du Plug &#038; Charge dans le cadre du projet Mobena"}]},{"@type":"WebSite","@id":"https:\/\/chargeplus.totalenergies.com\/fr\/#website","url":"https:\/\/chargeplus.totalenergies.com\/fr\/","name":"Charge+","description":"Voiture \u00e9lectrique : le guide pratique de la recharge","publisher":{"@id":"https:\/\/chargeplus.totalenergies.com\/fr\/#organization"},"potentialAction":[{"@type":"SearchAction","target":{"@type":"EntryPoint","urlTemplate":"https:\/\/chargeplus.totalenergies.com\/fr\/?s={search_term_string}"},"query-input":{"@type":"PropertyValueSpecification","valueRequired":true,"valueName":"search_term_string"}}],"inLanguage":"fr-FR"},{"@type":"Organization","@id":"https:\/\/chargeplus.totalenergies.com\/fr\/#organization","name":"Charge+","url":"https:\/\/chargeplus.totalenergies.com\/fr\/","logo":{"@type":"ImageObject","inLanguage":"fr-FR","@id":"https:\/\/chargeplus.totalenergies.com\/fr\/#\/schema\/logo\/image\/","url":"https:\/\/chargeplus.totalenergies.com\/wp-inside\/uploads\/2023\/07\/logo-borne-recharge.jpg","contentUrl":"https:\/\/chargeplus.totalenergies.com\/wp-inside\/uploads\/2023\/07\/logo-borne-recharge.jpg","width":150,"height":150,"caption":"Charge+"},"image":{"@id":"https:\/\/chargeplus.totalenergies.com\/fr\/#\/schema\/logo\/image\/"}}]}},"_links":{"self":[{"href":"https:\/\/chargeplus.totalenergies.com\/fr\/wp-json\/wp\/v2\/pages\/4258","targetHints":{"allow":["GET"]}}],"collection":[{"href":"https:\/\/chargeplus.totalenergies.com\/fr\/wp-json\/wp\/v2\/pages"}],"about":[{"href":"https:\/\/chargeplus.totalenergies.com\/fr\/wp-json\/wp\/v2\/types\/page"}],"author":[{"embeddable":true,"href":"https:\/\/chargeplus.totalenergies.com\/fr\/wp-json\/wp\/v2\/users\/10"}],"replies":[{"embeddable":true,"href":"https:\/\/chargeplus.totalenergies.com\/fr\/wp-json\/wp\/v2\/comments?post=4258"}],"version-history":[{"count":22,"href":"https:\/\/chargeplus.totalenergies.com\/fr\/wp-json\/wp\/v2\/pages\/4258\/revisions"}],"predecessor-version":[{"id":4286,"href":"https:\/\/chargeplus.totalenergies.com\/fr\/wp-json\/wp\/v2\/pages\/4258\/revisions\/4286"}],"up":[{"embeddable":true,"href":"https:\/\/chargeplus.totalenergies.com\/fr\/wp-json\/wp\/v2\/pages\/445"}],"wp:featuredmedia":[{"embeddable":true,"href":"https:\/\/chargeplus.totalenergies.com\/fr\/wp-json\/wp\/v2\/media\/4288"}],"wp:attachment":[{"href":"https:\/\/chargeplus.totalenergies.com\/fr\/wp-json\/wp\/v2\/media?parent=4258"}],"curies":[{"name":"wp","href":"https:\/\/api.w.org\/{rel}","templated":true}]}}